{"id":2919,"date":"2024-10-27T23:08:56","date_gmt":"2024-10-27T22:08:56","guid":{"rendered":"https:\/\/www.japonaisamontpellier.fr\/?post_type=tribe_events&#038;p=2919"},"modified":"2025-11-02T18:21:36","modified_gmt":"2025-11-02T17:21:36","slug":"journee-du-budo","status":"publish","type":"tribe_events","link":"https:\/\/www.japonaisamontpellier.fr\/index.php\/event\/journee-du-budo\/","title":{"rendered":"JOURN\u00c9E DU BUDO \u2013 L\u2019esprit du Japon"},"content":{"rendered":"\t\t<div data-elementor-type=\"tec_event_single_static\" data-elementor-id=\"2919\" class=\"elementor elementor-2919\" data-elementor-post-type=\"tribe_events\">\n\t\t\t\t<div class=\"elementor-element elementor-element-8108a49 e-flex e-con-boxed e-con e-parent\" data-id=\"8108a49\" data-element_type=\"container\">\n\t\t\t\t\t<div class=\"e-con-inner\">\n\t\t<div class=\"elementor-element elementor-element-abcd44c e-con-full e-flex e-con e-child\" data-id=\"abcd44c\" data-element_type=\"container\">\n\t\t\t\t<div class=\"elementor-element elementor-element-1ff7b92 elementor-widget elementor-widget-tec_events_elementor_widget_event_title\" data-id=\"1ff7b92\" data-element_type=\"widget\" data-widget_type=\"tec_events_elementor_widget_event_title.default\">\n\t\t\t\t<div class=\"elementor-widget-container\">\n\t\t\t\t\t<h1  class=\"tec-events-elementor-event-widget__title\" >\n\tJOURN\u00c9E DU BUDO \u2013 L\u2019esprit du Japon<\/h1>\t\t\t\t<\/div>\n\t\t\t\t<\/div>\n\t\t\t\t<\/div>\n\t\t\t\t\t<\/div>\n\t\t\t\t<\/div>\n\t\t<div class=\"elementor-element elementor-element-bdabab9 e-flex e-con-boxed e-con e-parent\" data-id=\"bdabab9\" data-element_type=\"container\">\n\t\t\t\t\t<div class=\"e-con-inner\">\n\t\t<div class=\"elementor-element elementor-element-9ab8a48 e-con-full e-flex e-con e-child\" data-id=\"9ab8a48\" data-element_type=\"container\">\n\t\t\t\t<div class=\"elementor-element elementor-element-0ddebcd elementor-widget elementor-widget-heading\" data-id=\"0ddebcd\" data-element_type=\"widget\" data-widget_type=\"heading.default\">\n\t\t\t\t<div class=\"elementor-widget-container\">\n\t\t\t\t\t<h2 class=\"elementor-heading-title elementor-size-default\">Le samedi 08 novembre 2025 de 10h00 \u00e0 17h<\/h2>\t\t\t\t<\/div>\n\t\t\t\t<\/div>\n\t\t\t\t<\/div>\n\t\t\t\t\t<\/div>\n\t\t\t\t<\/div>\n\t\t<div class=\"elementor-element elementor-element-eac3ab6 e-flex e-con-boxed e-con e-parent\" data-id=\"eac3ab6\" data-element_type=\"container\">\n\t\t\t\t\t<div class=\"e-con-inner\">\n\t\t<div class=\"elementor-element elementor-element-df4438c e-con-full e-flex e-con e-child\" data-id=\"df4438c\" data-element_type=\"container\">\n\t\t\t\t<\/div>\n\t\t<div class=\"elementor-element elementor-element-9c8c44d e-con-full e-flex e-con e-child\" data-id=\"9c8c44d\" data-element_type=\"container\">\n\t\t\t\t<div class=\"elementor-element elementor-element-39b1e9c8 elementor-widget elementor-widget-text-editor\" data-id=\"39b1e9c8\" data-element_type=\"widget\" data-widget_type=\"text-editor.default\">\n\t\t\t\t<div class=\"elementor-widget-container\">\n\t\t\t\t\t\t\t\t\t<p class=\"p1\"><b>JOURN\u00c9E DU BUDO \u2013 L\u2019esprit du Japon<br \/><\/b><b>08 novembre 2025 \u2013 10h00 \u00e0 17h00<br \/><\/b><br \/><span class=\"s1\">\ud83d\udccd<\/span> <i>Maison des Relations Internationales <\/i>\u2013 14 Descente en Barrat, 34000 Montpellier (tram Corum ou Com\u00e9die)<br \/><span class=\"s1\">\ud83d\udd39<\/span> <strong>Entr\u00e9e libre<\/strong><br \/><span class=\"s1\">\ud83d\udd39<\/span> Acc\u00e8s et d\u00e9part libres \u00e0 tout moment de la journ\u00e9e<\/p><p class=\"p1\">Dans le cadre de la <span style=\"text-decoration: underline;\"><a href=\"https:\/\/quinzaine.japonoccitanie.fr\/detail-evenement\/?id=5807\" target=\"_blank\" rel=\"noopener\">Quinzaine du Japon en Occitanie<\/a><\/span>,<br \/>l\u2019<b>Association des Japonais \u00e0 Montpellier<\/b> vous invite \u00e0 une journ\u00e9e exceptionnelle consacr\u00e9e aux <b>arts martiaux japonais<\/b> et \u00e0 leur philosophie : la <b>Journ\u00e9e du Bud\u014d \u2013 L\u2019esprit du Japon<\/b>.<\/p><p class=\"p1\">Tout au long de la journ\u00e9e, venez d\u00e9couvrir la beaut\u00e9 et la rigueur du bud\u014d \u00e0 travers des d\u00e9monstrations de :<br \/><b>Ky\u016bd\u014d (tir \u00e0 l\u2019arc), J\u016bd\u014d, A\u00efkid\u014d, Kend\u014d, Ia\u00efd\u014d et Kenjutsu.<\/b><\/p><div><p>\u00c0 travers cette journ\u00e9e, les visiteurs pourront non seulement assister \u00e0 des d\u00e9monstrations, mais aussi dialoguer avec les ma\u00eetres et pratiquants pour mieux comprendre la\u00a0<strong>philosophie du Bud\u014d<\/strong>, h\u00e9rit\u00e9e des samoura\u00efs et transmise jusqu\u2019\u00e0 aujourd\u2019hui.<\/p><p>Cet \u00e9v\u00e9nement se veut une c\u00e9l\u00e9bration de\u00a0<strong>l\u2019esprit du Japon<\/strong> : une culture o\u00f9 la rigueur, la beaut\u00e9 du geste et la recherche d\u2019harmonie se rejoignent dans chaque pratique.<\/p><\/div><p class=\"p1\">Entre les d\u00e9monstrations, le public est invit\u00e9 \u00e0 profiter de moments d\u2019<b>\u00e9change, d\u2019initiation et de rencontre<\/b> \u2013 dans l\u2019esprit du respect et du partage qui caract\u00e9rise le bud\u014d.<\/p>\t\t\t\t\t\t\t\t<\/div>\n\t\t\t\t<\/div>\n\t\t\t\t<\/div>\n\t\t\t\t\t<\/div>\n\t\t\t\t<\/div>\n\t\t<div class=\"elementor-element elementor-element-4f06d41c e-flex e-con-boxed e-con e-parent\" data-id=\"4f06d41c\" data-element_type=\"container\" data-settings=\"{&quot;background_background&quot;:&quot;classic&quot;}\">\n\t\t\t\t\t<div class=\"e-con-inner\">\n\t\t<div class=\"elementor-element elementor-element-6f0ee214 e-con-full e-flex e-con e-child\" data-id=\"6f0ee214\" data-element_type=\"container\">\n\t\t\t\t<div class=\"elementor-element elementor-element-33c0a57d elementor-widget elementor-widget-heading\" data-id=\"33c0a57d\" data-element_type=\"widget\" data-widget_type=\"heading.default\">\n\t\t\t\t<div class=\"elementor-widget-container\">\n\t\t\t\t\t<h2 class=\"elementor-heading-title elementor-size-default\">Programme<\/h2>\t\t\t\t<\/div>\n\t\t\t\t<\/div>\n\t\t\t\t<\/div>\n\t\t<div class=\"elementor-element elementor-element-64484a2d e-con-full e-flex e-con e-child\" data-id=\"64484a2d\" data-element_type=\"container\">\n\t\t<div class=\"elementor-element elementor-element-5d8e1d62 e-con-full e-flex e-con e-child\" data-id=\"5d8e1d62\" data-element_type=\"container\">\n\t\t\t\t<div class=\"elementor-element elementor-element-3cbbfa05 elementor-widget elementor-widget-text-editor\" data-id=\"3cbbfa05\" data-element_type=\"widget\" data-widget_type=\"text-editor.default\">\n\t\t\t\t<div class=\"elementor-widget-container\">\n\t\t\t\t\t\t\t\t\t<p class=\"p1\">10h00 \u2013 Ouverture et performance de taiko (tambours japonais)<br \/>11h00 \u2013 Table ronde \/ Cross Talk entre les repr\u00e9sentants des six disciplines<br \/>12h00 \u2013 Pause<span class=\"Apple-converted-space\">\u00a0<br \/><\/span>13h00 \u2013 Ky\u016bd\u014d<span class=\"Apple-converted-space\">\u00a0<br \/><\/span>13h30 \u2013 J\u016bd\u014d<br \/>14h00 \u2013 A\u00efkid\u014d<br \/>14h30 \u2013 Kenjutsu<br \/>15h00 \u2013 Kend\u014d<br \/>15h30 \u2013 Ia\u00efd\u014d <br \/>16h00 \u2013 Performance finale de taiko, Cl\u00f4ture<\/p><p class=\"p1\">Cet \u00e9v\u00e9nement est organis\u00e9 avec le soutien des <b>\u00e9coles d\u2019arts martiaux de Montpellier<\/b> et de la <b>Ville de Montpellier<\/b>, dans le cadre de la Quinzaine du Japon en Occitanie.<\/p><p class=\"p1\">Venez d\u00e9couvrir, ressentir et partager <b>l\u2019esprit du Japon<\/b> \u00e0 travers la voie du bud\u014d. <span class=\"s1\">\ud83c\uddef\ud83c\uddf5<\/span><\/p>\t\t\t\t\t\t\t\t<\/div>\n\t\t\t\t<\/div>\n\t\t\t\t<\/div>\n\t\t<div class=\"elementor-element elementor-element-198101c e-con-full e-flex e-con e-child\" data-id=\"198101c\" data-element_type=\"container\">\n\t\t\t\t<div class=\"elementor-element elementor-element-1d8b886d elementor-widget elementor-widget-image\" data-id=\"1d8b886d\" data-element_type=\"widget\" data-widget_type=\"image.default\">\n\t\t\t\t<div class=\"elementor-widget-container\">\n\t\t\t\t\t\t\t\t\t\t\t\t\t\t\t<img fetchpriority=\"high\" decoding=\"async\" width=\"680\" height=\"1024\" src=\"https:\/\/www.japonaisamontpellier.fr\/wp-content\/uploads\/2025\/10\/IMG_8808-680x1024.jpg\" class=\"attachment-large size-large wp-image-4132\" alt=\"\" srcset=\"https:\/\/www.japonaisamontpellier.fr\/wp-content\/uploads\/2025\/10\/IMG_8808-680x1024.jpg 680w, https:\/\/www.japonaisamontpellier.fr\/wp-content\/uploads\/2025\/10\/IMG_8808-199x300.jpg 199w, https:\/\/www.japonaisamontpellier.fr\/wp-content\/uploads\/2025\/10\/IMG_8808-768x1157.jpg 768w, https:\/\/www.japonaisamontpellier.fr\/wp-content\/uploads\/2025\/10\/IMG_8808-1020x1536.jpg 1020w, https:\/\/www.japonaisamontpellier.fr\/wp-content\/uploads\/2025\/10\/IMG_8808.jpg 1360w\" sizes=\"(max-width: 680px) 100vw, 680px\" \/>\t\t\t\t\t\t\t\t\t\t\t\t\t\t\t<\/div>\n\t\t\t\t<\/div>\n\t\t\t\t<\/div>\n\t\t\t\t<\/div>\n\t\t\t\t\t<\/div>\n\t\t\t\t<\/div>\n\t\t<div class=\"elementor-element elementor-element-4c5be91 e-flex e-con-boxed e-con e-parent\" data-id=\"4c5be91\" data-element_type=\"container\">\n\t\t\t\t\t<div class=\"e-con-inner\">\n\t\t<div class=\"elementor-element elementor-element-2c2cf2b e-con-full e-flex e-con e-child\" data-id=\"2c2cf2b\" data-element_type=\"container\">\n\t\t\t\t<div class=\"elementor-element elementor-element-662d5b0 elementor-widget elementor-widget-text-editor\" data-id=\"662d5b0\" data-element_type=\"widget\" data-widget_type=\"text-editor.default\">\n\t\t\t\t<div class=\"elementor-widget-container\">\n\t\t\t\t\t\t\t\t\t<p class=\"p1\"><b>A\u00efkido (<\/b><span class=\"s1\"><b>\u5408\u6c17\u9053<\/b><\/span><b>)<\/b>\u00a0<\/p><p class=\"p1\">L\u2019art de l\u2019harmonie dans le mouvement.<br \/>Fond\u00e9 sur la non-violence, l\u2019a\u00efkido transforme la force de l\u2019adversaire en \u00e9nergie circulaire, cherchant l\u2019unit\u00e9 plut\u00f4t que la confrontation.<\/p>\t\t\t\t\t\t\t\t<\/div>\n\t\t\t\t<\/div>\n\t\t\t\t<\/div>\n\t\t<div class=\"elementor-element elementor-element-e4d3f50 e-con-full e-flex e-con e-child\" data-id=\"e4d3f50\" data-element_type=\"container\">\n\t\t\t\t<div class=\"elementor-element elementor-element-df3a5db elementor-widget elementor-widget-text-editor\" data-id=\"df3a5db\" data-element_type=\"widget\" data-widget_type=\"text-editor.default\">\n\t\t\t\t<div class=\"elementor-widget-container\">\n\t\t\t\t\t\t\t\t\t<p class=\"p1\"><b>Ky\u016bd\u014d (\u5f13\u9053 \u2013 Tir \u00e0 l\u2019arc japonais)<\/b> <br \/><br \/>La voie de l\u2019arc, discipline de pr\u00e9cision et de s\u00e9r\u00e9nit\u00e9. Chaque geste est empreint de concentration et d\u2019\u00e9l\u00e9gance, o\u00f9 le tir juste est celui qui refl\u00e8te la paix int\u00e9rieure.<\/p>\t\t\t\t\t\t\t\t<\/div>\n\t\t\t\t<\/div>\n\t\t\t\t<\/div>\n\t\t<div class=\"elementor-element elementor-element-b4ee82f e-con-full e-flex e-con e-child\" data-id=\"b4ee82f\" data-element_type=\"container\">\n\t\t\t\t<div class=\"elementor-element elementor-element-7a84343 elementor-widget elementor-widget-text-editor\" data-id=\"7a84343\" data-element_type=\"widget\" data-widget_type=\"text-editor.default\">\n\t\t\t\t<div class=\"elementor-widget-container\">\n\t\t\t\t\t\t\t\t\t<p class=\"p1\"><b>Kend\u014d (\u5263\u9053)<\/b> <br \/>L\u2019escrime japonaise, h\u00e9riti\u00e8re des traditions des samoura\u00efs.<br \/>Au-del\u00e0 du combat, le kend\u014d cultive le courage, la droiture et la ma\u00eetrise de soi \u00e0 travers la rigueur de l\u2019entra\u00eenement.<\/p>\t\t\t\t\t\t\t\t<\/div>\n\t\t\t\t<\/div>\n\t\t\t\t<\/div>\n\t\t<div class=\"elementor-element elementor-element-0bd940b e-con-full e-flex e-con e-child\" data-id=\"0bd940b\" data-element_type=\"container\">\n\t\t\t\t<div class=\"elementor-element elementor-element-511188d elementor-widget elementor-widget-text-editor\" data-id=\"511188d\" data-element_type=\"widget\" data-widget_type=\"text-editor.default\">\n\t\t\t\t<div class=\"elementor-widget-container\">\n\t\t\t\t\t\t\t\t\t<p data-start=\"91\" data-end=\"151\"><strong data-start=\"91\" data-end=\"149\">J\u016bd\u014d (\u67d4\u9053) \u2013 La voie de la souplesse et de la ma\u00eetrise.<br \/><\/strong>Le j\u016bd\u014d enseigne l\u2019art de vaincre par l\u2019\u00e9quilibre, la fluidit\u00e9 et le respect mutuel. Plus qu\u2019un sport, c\u2019est une \u00e9cole de vie o\u00f9 la force physique s\u2019allie \u00e0 la sagesse du c\u0153ur.<\/p>\t\t\t\t\t\t\t\t<\/div>\n\t\t\t\t<\/div>\n\t\t\t\t<\/div>\n\t\t<div class=\"elementor-element elementor-element-ba5b3e0 e-con-full e-flex e-con e-child\" data-id=\"ba5b3e0\" data-element_type=\"container\">\n\t\t\t\t<div class=\"elementor-element elementor-element-98094c0 elementor-widget elementor-widget-text-editor\" data-id=\"98094c0\" data-element_type=\"widget\" data-widget_type=\"text-editor.default\">\n\t\t\t\t<div class=\"elementor-widget-container\">\n\t\t\t\t\t\t\t\t\t<p class=\"p1\"><b>Iaid\u014d (\u5c45\u5408\u9053)<\/b> <br \/>L\u2019art de d\u00e9gainer et de trancher en un seul mouvement fluide.<br \/>Cette discipline exige une concentration absolue et une grande pr\u00e9cision, symbole de la vigilance de l\u2019esprit.<\/p>\t\t\t\t\t\t\t\t<\/div>\n\t\t\t\t<\/div>\n\t\t\t\t<\/div>\n\t\t<div class=\"elementor-element elementor-element-7e68299 e-con-full e-flex e-con e-child\" data-id=\"7e68299\" data-element_type=\"container\">\n\t\t\t\t<div class=\"elementor-element elementor-element-761fef1 elementor-widget elementor-widget-text-editor\" data-id=\"761fef1\" data-element_type=\"widget\" data-widget_type=\"text-editor.default\">\n\t\t\t\t<div class=\"elementor-widget-container\">\n\t\t\t\t\t\t\t\t\t<p class=\"p1\"><b>Kenjutsu (\u5263\u8853)<\/b> <br \/>L\u2019art traditionnel du sabre.<br \/>Pratiqu\u00e9 selon les anciennes \u00e9coles, il r\u00e9v\u00e8le la dimension artistique et spirituelle de la technique martiale japonaise.<\/p>\t\t\t\t\t\t\t\t<\/div>\n\t\t\t\t<\/div>\n\t\t\t\t<\/div>\n\t\t\t\t\t<\/div>\n\t\t\t\t<\/div>\n\t\t\t\t<\/div>\n\t\t","protected":false},"excerpt":{"rendered":"<p>D\u00e9couvrez la Journ\u00e9e du Bud\u014d \u2013 L\u2019esprit du Japon \u00e0 Montpellier : d\u00e9monstrations de ky\u016bd\u014d, j\u016bd\u014d, a\u00efkid\u014d, kend\u014d, ia\u00efd\u014d et kenjutsu, table ronde et \u00e9changes autour de la philosophie des arts martiaux japonais. Entr\u00e9e libre le 8 novembre 2025.<\/p>\n","protected":false},"author":2,"featured_media":0,"template":"","meta":{"_price":"","_stock":"","_tribe_ticket_header":"","_tribe_default_ticket_provider":"","_tribe_ticket_capacity":"0","_ticket_start_date":"","_ticket_end_date":"","_tribe_ticket_show_description":"","_tribe_ticket_show_not_going":false,"_tribe_ticket_use_global_stock":"","_tribe_ticket_global_stock_level":"","_global_stock_mode":"","_global_stock_cap":"","_tribe_rsvp_for_event":"","_tribe_ticket_going_count":"","_tribe_ticket_not_going_count":"","_tribe_tickets_list":"[]","_tribe_ticket_has_attendee_info_fields":false,"_tribe_events_status":"","_tribe_events_status_reason":"","footnotes":"","_tec_slr_enabled":"","_tec_slr_layout":""},"tags":[],"tribe_events_cat":[10,15],"class_list":["post-2919","tribe_events","type-tribe_events","status-publish","hentry","tribe_events_cat-asso","tribe_events_cat-asso_fr","cat_asso","cat_asso_fr"],"ticketed":false,"_links":{"self":[{"href":"https:\/\/www.japonaisamontpellier.fr\/index.php\/wp-json\/wp\/v2\/tribe_events\/2919","targetHints":{"allow":["GET"]}}],"collection":[{"href":"https:\/\/www.japonaisamontpellier.fr\/index.php\/wp-json\/wp\/v2\/tribe_events"}],"about":[{"href":"https:\/\/www.japonaisamontpellier.fr\/index.php\/wp-json\/wp\/v2\/types\/tribe_events"}],"author":[{"embeddable":true,"href":"https:\/\/www.japonaisamontpellier.fr\/index.php\/wp-json\/wp\/v2\/users\/2"}],"version-history":[{"count":53,"href":"https:\/\/www.japonaisamontpellier.fr\/index.php\/wp-json\/wp\/v2\/tribe_events\/2919\/revisions"}],"predecessor-version":[{"id":4152,"href":"https:\/\/www.japonaisamontpellier.fr\/index.php\/wp-json\/wp\/v2\/tribe_events\/2919\/revisions\/4152"}],"wp:attachment":[{"href":"https:\/\/www.japonaisamontpellier.fr\/index.php\/wp-json\/wp\/v2\/media?parent=2919"}],"wp:term":[{"taxonomy":"post_tag","embeddable":true,"href":"https:\/\/www.japonaisamontpellier.fr\/index.php\/wp-json\/wp\/v2\/tags?post=2919"},{"taxonomy":"tribe_events_cat","embeddable":true,"href":"https:\/\/www.japonaisamontpellier.fr\/index.php\/wp-json\/wp\/v2\/tribe_events_cat?post=2919"}],"curies":[{"name":"wp","href":"https:\/\/api.w.org\/{rel}","templated":true}]}}