{"id":2786,"date":"2024-10-02T20:00:51","date_gmt":"2024-10-02T18:00:51","guid":{"rendered":"https:\/\/www.japonaisamontpellier.fr\/?post_type=tribe_events&#038;p=2786"},"modified":"2026-03-26T16:29:38","modified_gmt":"2026-03-26T15:29:38","slug":"vitalite-2026","status":"publish","type":"tribe_events","link":"https:\/\/www.japonaisamontpellier.fr\/index.php\/event\/vitalite-2026\/","title":{"rendered":"Vitalit\u00e9 \u2013 Rencontre d\u2019Artistes de la Culture Japonaise"},"content":{"rendered":"\t\t<div data-elementor-type=\"tec_event_single_static\" data-elementor-id=\"2786\" class=\"elementor elementor-2786\" data-elementor-post-type=\"tribe_events\">\n\t\t\t\t<div class=\"elementor-element elementor-element-8108a49 e-flex e-con-boxed e-con e-parent\" data-id=\"8108a49\" data-element_type=\"container\">\n\t\t\t\t\t<div class=\"e-con-inner\">\n\t\t<div class=\"elementor-element elementor-element-abcd44c e-con-full e-flex e-con e-child\" data-id=\"abcd44c\" data-element_type=\"container\">\n\t\t\t\t<div class=\"elementor-element elementor-element-1ff7b92 elementor-widget elementor-widget-tec_events_elementor_widget_event_title\" data-id=\"1ff7b92\" data-element_type=\"widget\" data-widget_type=\"tec_events_elementor_widget_event_title.default\">\n\t\t\t\t<div class=\"elementor-widget-container\">\n\t\t\t\t\t<h1  class=\"tec-events-elementor-event-widget__title\" >\n\tVitalit\u00e9 \u2013 Rencontre d\u2019Artistes de la Culture Japonaise<\/h1>\t\t\t\t<\/div>\n\t\t\t\t<\/div>\n\t\t\t\t<\/div>\n\t\t\t\t\t<\/div>\n\t\t\t\t<\/div>\n\t\t<div class=\"elementor-element elementor-element-bdabab9 e-flex e-con-boxed e-con e-parent\" data-id=\"bdabab9\" data-element_type=\"container\">\n\t\t\t\t\t<div class=\"e-con-inner\">\n\t\t<div class=\"elementor-element elementor-element-9ab8a48 e-con-full e-flex e-con e-child\" data-id=\"9ab8a48\" data-element_type=\"container\">\n\t\t\t\t<div class=\"elementor-element elementor-element-0ddebcd elementor-widget elementor-widget-heading\" data-id=\"0ddebcd\" data-element_type=\"widget\" data-widget_type=\"heading.default\">\n\t\t\t\t<div class=\"elementor-widget-container\">\n\t\t\t\t\t<h2 class=\"elementor-heading-title elementor-size-default\">Le samedi 23 mai 2026 de 11h \u00e0 17h<\/h2>\t\t\t\t<\/div>\n\t\t\t\t<\/div>\n\t\t\t\t<\/div>\n\t\t\t\t\t<\/div>\n\t\t\t\t<\/div>\n\t\t<div class=\"elementor-element elementor-element-eac3ab6 e-flex e-con-boxed e-con e-parent\" data-id=\"eac3ab6\" data-element_type=\"container\">\n\t\t\t\t\t<div class=\"e-con-inner\">\n\t\t<div class=\"elementor-element elementor-element-df4438c e-con-full e-flex e-con e-child\" data-id=\"df4438c\" data-element_type=\"container\">\n\t\t\t\t<div class=\"elementor-element elementor-element-d3f16b7 elementor-widget elementor-widget-tec_events_elementor_widget_event_image\" data-id=\"d3f16b7\" data-element_type=\"widget\" data-widget_type=\"tec_events_elementor_widget_event_image.default\">\n\t\t\t\t<div class=\"elementor-widget-container\">\n\t\t\t\t\t<div  class=\"tec-events-elementor-event-widget__image\" >\n\t<img fetchpriority=\"high\" decoding=\"async\" width=\"800\" height=\"800\" src=\"https:\/\/www.japonaisamontpellier.fr\/wp-content\/uploads\/2026\/03\/33-1024x1024.webp\" class=\"elementor-image\" alt=\"\" srcset=\"https:\/\/www.japonaisamontpellier.fr\/wp-content\/uploads\/2026\/03\/33-1024x1024.webp 1024w, https:\/\/www.japonaisamontpellier.fr\/wp-content\/uploads\/2026\/03\/33-300x300.webp 300w, https:\/\/www.japonaisamontpellier.fr\/wp-content\/uploads\/2026\/03\/33-150x150.webp 150w, https:\/\/www.japonaisamontpellier.fr\/wp-content\/uploads\/2026\/03\/33-768x768.webp 768w, https:\/\/www.japonaisamontpellier.fr\/wp-content\/uploads\/2026\/03\/33.webp 1080w\" sizes=\"(max-width: 800px) 100vw, 800px\" \/><\/div>\n\t\t\t\t<\/div>\n\t\t\t\t<\/div>\n\t\t\t\t<\/div>\n\t\t<div class=\"elementor-element elementor-element-9c8c44d e-con-full e-flex e-con e-child\" data-id=\"9c8c44d\" data-element_type=\"container\">\n\t\t\t\t<div class=\"elementor-element elementor-element-39b1e9c8 elementor-widget elementor-widget-text-editor\" data-id=\"39b1e9c8\" data-element_type=\"widget\" data-widget_type=\"text-editor.default\">\n\t\t\t\t<div class=\"elementor-widget-container\">\n\t\t\t\t\t\t\t\t\t<p>\ud83c\udf38 Vitalit\u00e9 \u2013 Rencontre d\u2019Artistes de la Culture Japonaise \ud83c\udf38<\/p><p>Le printemps arrive avec une c\u00e9l\u00e9bration unique de la culture japonaise \u00e0 Montpellier \ud83c\uddef\ud83c\uddf5<br \/>Les artistes de l\u2019Association des japonais \u00e0 Montpellier vous invitent \u00e0 d\u00e9couvrir un moment de partage et de cr\u00e9ation autour des arts traditionnels et contemporains du Japon.<\/p><p>\ud83d\udcc5 23 mai 2026<br \/>\u23f0 11h \u2013 17h<br \/>\ud83d\udccd Maison des relations internationales<br \/>\ud83c\udf9f Entr\u00e9e gratuite<\/p><p>Venez vivre une immersion artistique et printani\u00e8re au c\u0153ur de la culture japonaise \ud83c\udf38<br \/>Organis\u00e9 par l\u2019Association des japonais \u00e0 Montpellier<\/p>\t\t\t\t\t\t\t\t<\/div>\n\t\t\t\t<\/div>\n\t\t\t\t<\/div>\n\t\t\t\t\t<\/div>\n\t\t\t\t<\/div>\n\t\t<div class=\"elementor-element elementor-element-ed5619a e-flex e-con-boxed e-con e-parent\" data-id=\"ed5619a\" data-element_type=\"container\">\n\t\t\t\t\t<div class=\"e-con-inner\">\n\t\t\t\t<div class=\"elementor-element elementor-element-74f7bf6 elementor-widget elementor-widget-heading\" data-id=\"74f7bf6\" data-element_type=\"widget\" data-widget_type=\"heading.default\">\n\t\t\t\t<div class=\"elementor-widget-container\">\n\t\t\t\t\t<h2 class=\"elementor-heading-title elementor-size-default\">Artistes<\/h2>\t\t\t\t<\/div>\n\t\t\t\t<\/div>\n\t\t\t\t\t<\/div>\n\t\t\t\t<\/div>\n\t\t<div class=\"elementor-element elementor-element-52387c0 e-flex e-con-boxed e-con e-parent\" data-id=\"52387c0\" data-element_type=\"container\">\n\t\t\t\t\t<div class=\"e-con-inner\">\n\t\t<div class=\"elementor-element elementor-element-96fad7e e-con-full e-flex e-con e-child\" data-id=\"96fad7e\" data-element_type=\"container\">\n\t\t\t\t<div class=\"elementor-element elementor-element-3efa9e8 elementor-widget elementor-widget-text-editor\" data-id=\"3efa9e8\" data-element_type=\"widget\" data-widget_type=\"text-editor.default\">\n\t\t\t\t<div class=\"elementor-widget-container\">\n\t\t\t\t\t\t\t\t\t<p data-start=\"52\" data-end=\"105\"><strong data-start=\"54\" data-end=\"69\">Expositions<\/strong><br data-start=\"69\" data-end=\"72\" \/>Ikebana &#8211; Marina\u00a0et ses \u00e9l\u00e8ves de l\u2019\u00e9cole Kid\u014d Mish\u014dry\u016b<br data-start=\"79\" data-end=\"82\" \/>Photographie &#8211; Alain<br data-start=\"94\" data-end=\"97\" \/>Kimono &#8211; Ribo<\/p><p><strong data-start=\"110\" data-end=\"126\">Performances<\/strong><br data-start=\"126\" data-end=\"129\" \/>Danse japonaise &#8211; Ribo<br data-start=\"144\" data-end=\"147\" \/>Shamisen &#8211; Romain<br data-start=\"155\" data-end=\"158\" \/>But\u00f4 &#8211; Ippei<br data-start=\"162\" data-end=\"165\" \/>Calligraphie &#8211; Saki<br data-start=\"177\" data-end=\"180\" \/>Ikebana &#8211; Marina\u00a0et ses \u00e9l\u00e8ves de l\u2019\u00e9cole Kid\u014d Mish\u014dry\u016b<\/p>\t\t\t\t\t\t\t\t<\/div>\n\t\t\t\t<\/div>\n\t\t\t\t<\/div>\n\t\t<div class=\"elementor-element elementor-element-d18c8d1 e-con-full e-flex e-con e-child\" data-id=\"d18c8d1\" data-element_type=\"container\">\n\t\t\t\t<div class=\"elementor-element elementor-element-6791592 elementor-widget elementor-widget-image\" data-id=\"6791592\" data-element_type=\"widget\" data-widget_type=\"image.default\">\n\t\t\t\t<div class=\"elementor-widget-container\">\n\t\t\t\t\t\t\t\t\t\t\t\t\t\t\t<img decoding=\"async\" width=\"800\" height=\"800\" src=\"https:\/\/www.japonaisamontpellier.fr\/wp-content\/uploads\/2026\/03\/34-1024x1024.webp\" class=\"attachment-large size-large wp-image-4526\" alt=\"\" srcset=\"https:\/\/www.japonaisamontpellier.fr\/wp-content\/uploads\/2026\/03\/34-1024x1024.webp 1024w, https:\/\/www.japonaisamontpellier.fr\/wp-content\/uploads\/2026\/03\/34-300x300.webp 300w, https:\/\/www.japonaisamontpellier.fr\/wp-content\/uploads\/2026\/03\/34-150x150.webp 150w, https:\/\/www.japonaisamontpellier.fr\/wp-content\/uploads\/2026\/03\/34-768x768.webp 768w, https:\/\/www.japonaisamontpellier.fr\/wp-content\/uploads\/2026\/03\/34.webp 1080w\" sizes=\"(max-width: 800px) 100vw, 800px\" \/>\t\t\t\t\t\t\t\t\t\t\t\t\t\t\t<\/div>\n\t\t\t\t<\/div>\n\t\t\t\t<\/div>\n\t\t\t\t\t<\/div>\n\t\t\t\t<\/div>\n\t\t<div class=\"elementor-element elementor-element-2a270a84 e-flex e-con-boxed e-con e-parent\" data-id=\"2a270a84\" data-element_type=\"container\">\n\t\t\t\t\t<div class=\"e-con-inner\">\n\t\t<div class=\"elementor-element elementor-element-3e4d92a3 e-con-full e-flex e-con e-child\" data-id=\"3e4d92a3\" data-element_type=\"container\">\n\t\t\t\t<div class=\"elementor-element elementor-element-542bed53 elementor-widget elementor-widget-heading\" data-id=\"542bed53\" data-element_type=\"widget\" data-widget_type=\"heading.default\">\n\t\t\t\t<div class=\"elementor-widget-container\">\n\t\t\t\t\t<h2 class=\"elementor-heading-title elementor-size-default\">Programme<\/h2>\t\t\t\t<\/div>\n\t\t\t\t<\/div>\n\t\t\t\t<\/div>\n\t\t\t\t\t<\/div>\n\t\t\t\t<\/div>\n\t\t<div class=\"elementor-element elementor-element-b0819e2 e-grid e-con-full e-con e-parent\" data-id=\"b0819e2\" data-element_type=\"container\">\n\t\t\t\t<div class=\"elementor-element elementor-element-d1873ab elementor-widget elementor-widget-image\" data-id=\"d1873ab\" data-element_type=\"widget\" data-widget_type=\"image.default\">\n\t\t\t\t<div class=\"elementor-widget-container\">\n\t\t\t\t\t\t\t\t\t\t\t\t\t\t\t<img decoding=\"async\" width=\"800\" height=\"800\" src=\"https:\/\/www.japonaisamontpellier.fr\/wp-content\/uploads\/2026\/03\/35-1024x1024.webp\" class=\"attachment-large size-large wp-image-4525\" alt=\"\" srcset=\"https:\/\/www.japonaisamontpellier.fr\/wp-content\/uploads\/2026\/03\/35-1024x1024.webp 1024w, https:\/\/www.japonaisamontpellier.fr\/wp-content\/uploads\/2026\/03\/35-300x300.webp 300w, https:\/\/www.japonaisamontpellier.fr\/wp-content\/uploads\/2026\/03\/35-150x150.webp 150w, https:\/\/www.japonaisamontpellier.fr\/wp-content\/uploads\/2026\/03\/35-768x768.webp 768w, https:\/\/www.japonaisamontpellier.fr\/wp-content\/uploads\/2026\/03\/35.webp 1080w\" sizes=\"(max-width: 800px) 100vw, 800px\" \/>\t\t\t\t\t\t\t\t\t\t\t\t\t\t\t<\/div>\n\t\t\t\t<\/div>\n\t\t\t\t<div class=\"elementor-element elementor-element-27ae46a elementor-widget elementor-widget-image\" data-id=\"27ae46a\" data-element_type=\"widget\" data-widget_type=\"image.default\">\n\t\t\t\t<div class=\"elementor-widget-container\">\n\t\t\t\t\t\t\t\t\t\t\t\t\t\t\t<img loading=\"lazy\" decoding=\"async\" width=\"800\" height=\"800\" src=\"https:\/\/www.japonaisamontpellier.fr\/wp-content\/uploads\/2026\/03\/36-1024x1024.webp\" class=\"attachment-large size-large wp-image-4524\" alt=\"\" srcset=\"https:\/\/www.japonaisamontpellier.fr\/wp-content\/uploads\/2026\/03\/36-1024x1024.webp 1024w, https:\/\/www.japonaisamontpellier.fr\/wp-content\/uploads\/2026\/03\/36-300x300.webp 300w, https:\/\/www.japonaisamontpellier.fr\/wp-content\/uploads\/2026\/03\/36-150x150.webp 150w, https:\/\/www.japonaisamontpellier.fr\/wp-content\/uploads\/2026\/03\/36-768x768.webp 768w, https:\/\/www.japonaisamontpellier.fr\/wp-content\/uploads\/2026\/03\/36.webp 1080w\" sizes=\"(max-width: 800px) 100vw, 800px\" \/>\t\t\t\t\t\t\t\t\t\t\t\t\t\t\t<\/div>\n\t\t\t\t<\/div>\n\t\t\t\t<\/div>\n\t\t<div class=\"elementor-element elementor-element-4ee3e8c5 e-flex e-con-boxed e-con e-parent\" data-id=\"4ee3e8c5\" data-element_type=\"container\" data-settings=\"{&quot;background_background&quot;:&quot;classic&quot;}\">\n\t\t\t\t\t<div class=\"e-con-inner\">\n\t\t<div class=\"elementor-element elementor-element-5a5ca69b e-con-full e-flex e-con e-child\" data-id=\"5a5ca69b\" data-element_type=\"container\">\n\t\t\t\t<div class=\"elementor-element elementor-element-48ba3280 elementor-widget elementor-widget-heading\" data-id=\"48ba3280\" data-element_type=\"widget\" data-widget_type=\"heading.default\">\n\t\t\t\t<div class=\"elementor-widget-container\">\n\t\t\t\t\t<h2 class=\"elementor-heading-title elementor-size-default\">Avec le soutien de...<\/h2>\t\t\t\t<\/div>\n\t\t\t\t<\/div>\n\t\t\t\t<\/div>\n\t\t<div class=\"elementor-element elementor-element-6984d57 e-con-full e-flex e-con e-child\" data-id=\"6984d57\" data-element_type=\"container\">\n\t\t<div class=\"elementor-element elementor-element-669ec460 e-con-full e-flex e-con e-child\" data-id=\"669ec460\" data-element_type=\"container\">\n\t\t\t\t<div class=\"elementor-element elementor-element-edbf4b1 elementor-widget elementor-widget-text-editor\" data-id=\"edbf4b1\" data-element_type=\"widget\" data-widget_type=\"text-editor.default\">\n\t\t\t\t<div class=\"elementor-widget-container\">\n\t\t\t\t\t\t\t\t\t<p><span style=\"letter-spacing: 0px;\">Un \u00e9norme merci aux diff\u00e9rents intervenants sans qui ce festival ne serait pas possible.<\/span><\/p><p><a href=\"https:\/\/www.instagram.com\/montpellieronthemap\" target=\"_blank\" rel=\"noopener\">@ Maison des Relations Internationales de la ville de Montpellier<\/a><br \/><a href=\"https:\/\/www.instagram.com\/marina_icho\" target=\"_blank\" rel=\"noopener\">@marina_icho<\/a><br \/><a href=\"https:\/\/www.instagram.com\/kimono_montpellier\" target=\"_blank\" rel=\"noopener\">@kimono_montpellier<\/a><\/p><p>Et bien s\u00fbr \u00e0 tous les b\u00e9n\u00e9voles de la communaut\u00e9 japonaise <img decoding=\"async\" class=\"emoji\" role=\"img\" draggable=\"false\" src=\"https:\/\/s.w.org\/images\/core\/emoji\/17.0.2\/svg\/1f49d.svg\" alt=\"\ud83d\udc9d\" \/><\/p><p>Une formidable \u00e9quipe vous attend pour vous offrir un bel aper\u00e7u de la culture traditionnelle japonaise. <br \/>Passez nous voir sans faute ! <img decoding=\"async\" class=\"emoji\" role=\"img\" draggable=\"false\" src=\"https:\/\/s.w.org\/images\/core\/emoji\/17.0.2\/svg\/1f4ab.svg\" alt=\"\ud83d\udcab\" \/><\/p>\t\t\t\t\t\t\t\t<\/div>\n\t\t\t\t<\/div>\n\t\t\t\t<\/div>\n\t\t\t\t<\/div>\n\t\t\t\t\t<\/div>\n\t\t\t\t<\/div>\n\t\t\t\t<\/div>\n\t\t","protected":false},"excerpt":{"rendered":"<p>Ev\u00e9nement GRATUIT et ouvert \u00e0 tous ! Festival d\u00e9di\u00e9 \u00e0 la culture et aux arts japonais : venez c\u00e9l\u00e9brer le printemps avec nous \ud83d\ude42<\/p>\n","protected":false},"author":1,"featured_media":4527,"template":"","meta":{"_price":"","_stock":"","_tribe_ticket_header":"","_tribe_default_ticket_provider":"","_tribe_ticket_capacity":"0","_ticket_start_date":"","_ticket_end_date":"","_tribe_ticket_show_description":"","_tribe_ticket_show_not_going":false,"_tribe_ticket_use_global_stock":"","_tribe_ticket_global_stock_level":"","_global_stock_mode":"","_global_stock_cap":"","_tribe_rsvp_for_event":"","_tribe_ticket_going_count":"","_tribe_ticket_not_going_count":"","_tribe_tickets_list":"[]","_tribe_ticket_has_attendee_info_fields":false,"_tribe_events_status":"","_tribe_events_status_reason":"","footnotes":"","_tec_slr_enabled":"","_tec_slr_layout":""},"tags":[],"tribe_events_cat":[10,15,14],"class_list":["post-2786","tribe_events","type-tribe_events","status-publish","has-post-thumbnail","hentry","tribe_events_cat-asso","tribe_events_cat-asso_fr","tribe_events_cat-asso_jp","cat_asso","cat_asso_fr","cat_asso_jp"],"ticketed":false,"_links":{"self":[{"href":"https:\/\/www.japonaisamontpellier.fr\/index.php\/wp-json\/wp\/v2\/tribe_events\/2786","targetHints":{"allow":["GET"]}}],"collection":[{"href":"https:\/\/www.japonaisamontpellier.fr\/index.php\/wp-json\/wp\/v2\/tribe_events"}],"about":[{"href":"https:\/\/www.japonaisamontpellier.fr\/index.php\/wp-json\/wp\/v2\/types\/tribe_events"}],"author":[{"embeddable":true,"href":"https:\/\/www.japonaisamontpellier.fr\/index.php\/wp-json\/wp\/v2\/users\/1"}],"version-history":[{"count":30,"href":"https:\/\/www.japonaisamontpellier.fr\/index.php\/wp-json\/wp\/v2\/tribe_events\/2786\/revisions"}],"predecessor-version":[{"id":4607,"href":"https:\/\/www.japonaisamontpellier.fr\/index.php\/wp-json\/wp\/v2\/tribe_events\/2786\/revisions\/4607"}],"wp:featuredmedia":[{"embeddable":true,"href":"https:\/\/www.japonaisamontpellier.fr\/index.php\/wp-json\/wp\/v2\/media\/4527"}],"wp:attachment":[{"href":"https:\/\/www.japonaisamontpellier.fr\/index.php\/wp-json\/wp\/v2\/media?parent=2786"}],"wp:term":[{"taxonomy":"post_tag","embeddable":true,"href":"https:\/\/www.japonaisamontpellier.fr\/index.php\/wp-json\/wp\/v2\/tags?post=2786"},{"taxonomy":"tribe_events_cat","embeddable":true,"href":"https:\/\/www.japonaisamontpellier.fr\/index.php\/wp-json\/wp\/v2\/tribe_events_cat?post=2786"}],"curies":[{"name":"wp","href":"https:\/\/api.w.org\/{rel}","templated":true}]}}